{"id":10,"date":"2024-12-26T11:37:44","date_gmt":"2024-12-26T10:37:44","guid":{"rendered":"https:\/\/www.mergem.be\/?page_id=10"},"modified":"2024-12-26T13:42:15","modified_gmt":"2024-12-26T12:42:15","slug":"dupa","status":"publish","type":"page","link":"https:\/\/www.mergem.be\/index.php\/dupa\/","title":{"rendered":"Dupa"},"content":{"rendered":"\n<p>La communaut\u00e9 Emmaus de Ia\u015fi accueille actuellement une trentaine de jeunes qui autrefois se trouvaient dans la rue ou<br>dans des centres pour enfants d\u00e9laiss\u00e9s (comme celui de Targu Frumos o\u00f9 nous nous sommes rendus r\u00e9guli\u00e8rement<br>durant de nombreuses ann\u00e9es, mais qui a ferm\u00e9 d\u00e9finitivement il y a deux ans).<br>Le but de la communaut\u00e9 est de leur assurer un toit, du travail et une vie fraternelle. A Ia\u015fi la communaut\u00e9 dispose<br>d\u2019un magasin o\u00f9 ils restaurent et vendent les meubles re\u00e7us de France et d\u2019Allemagne (1 camion par mois). Un<br>b\u00e9n\u00e9vole leur a montr\u00e9 comment cr\u00e9er des fauteuils originaux tr\u00e8s design \u00e0 partir d\u2019anciennes valises hors d\u2019usage.<br>Pour leur assurer une autonomie apr\u00e8s leur d\u00e9part, des formations courtes sont assur\u00e9es (comptabilit\u00e9, permis de<br>conduire). Les besoins \u00e9tant \u00e9normes, ils ne cessent d\u2019am\u00e9liorer leur infrastructure : en 2015-16, ils ont rehauss\u00e9 le<br>toit pour y loger huit filles qui pr\u00e9c\u00e9demment ne disposaient que d\u2019une cave comme chambre. Le magasin s\u2019est<br>agrandi d\u2019une annexe pour vendre des v\u00eatements et de la vaisselle. Quand un sans-abri se pr\u00e9sente, on lui donne des<br>v\u00eatements.<br>Gr\u00e2ce \u00e0 la pr\u00e9sence d\u2019un ing\u00e9nieur agronome, la ferme de Popesti a bien \u00e9volu\u00e9 .En plus du potager et du magasin,<br>Emma\u00fcs a construit deux serres , des \u00e9tables s\u00e9par\u00e9es pour chaque type d\u2019animal : vaches, cochons, poules, lapins ,<br>cheval . Gr\u00e2ce au tracteur qu\u2019ils ont re\u00e7u d\u2019une association suisse ils ne sont plus oblig\u00e9s de travailler leurs champs<br>\u00e0 la main (12 ha). Dans un vallon actuellement inculte, ils ont l\u2019intention de planter des arbres fruitiers. Nous avons<br>subventionn\u00e9 l\u2019achat de 100 poules ainsi que l\u2019infrastructure pour les nourrir. Ils ont \u00e9galement construit une<br>nouvelle cuisine car l\u2019ancienne ne suffisait plus.<br>Ce qui leur tient tout particuli\u00e8rement \u00e0 c\u0153ur c\u2019est la maraude. Cinq soirs par semaine ils se rendent \u00e0 4 endroits<br>de la ville de Ia\u015fi , dans des quartiers d\u00e9favoris\u00e9s . Ils y distribuent sandwiches, soupe et fruits. \u00c0 la m\u00eame occasion<br>ils cherchent \u00e0 savoir si des besoins particuliers se font sentir (exemple : chaussures, v\u00eatements, aide administrative<br>ou m\u00e9dicale, produits d\u2019hygi\u00e8ne.) La maraude est assur\u00e9e par un assistant social aid\u00e9 par des anciens sans-abris ou<br>des jeunes volontaires r\u00e9sidant \u00e0 Emma\u00fcs. Nous continuerons \u00e0 soutenir cette action.<br>A l\u2019occasion des f\u00eates de No\u00ebl nous finan\u00e7ons pour les sans-abris (une centaine) un colis de 7 euros par personne<br>contenant des produits de premi\u00e8re n\u00e9cessit\u00e9 et du chocolat. Notre souhait est de r\u00e9pondre autant que possible \u00e0<br>leurs demandes.<\/p>\n\n\n\n<p>ET ENCORE D\u2019AUTRES ACTIVIT\u00c9S<br>Nous tenons aussi \u00e0 garder le contact avec les jeunes anciens pensionnaires du Centre de Placement de Targu<br>Frumos et en particulier ceux qui ont \u00e9t\u00e9 plac\u00e9s dans des six diff\u00e9rentes institutions pour adultes parce que leur \u00e9tat<br>de sant\u00e9 ne leur permettait pas de vivre autrement. Nombre de ceux-ci \u00e9taient parrain\u00e9s depuis des ann\u00e9es par des<br>amis de Mergem .Leur accueil est toujours tr\u00e8s chaleureux.<\/p>\n\n\n\n<p>Nous soutenons, via les paiements envoy\u00e9 \u00e0 l&rsquo;association Roi Baudouin, \u00e9galement une \u00e9cole de devoirs g\u00e9r\u00e9e par<br>l\u2019association COTE.<\/p>\n\n\n\n\n\n\n\n<p><\/p>\n","protected":false},"excerpt":{"rendered":"<p>La communaut\u00e9 Emmaus de Ia\u015fi accueille actuellement une trentaine de jeunes qui autrefois se trouvaient dans la rue oudans des centres pour enfants d\u00e9laiss\u00e9s (comme celui de Targu Frumos o\u00f9 nous nous sommes rendus r\u00e9guli\u00e8rementdurant de nombreuses ann\u00e9es, mais qui a ferm\u00e9 d\u00e9finitivement il y a deux ans).Le but de la communaut\u00e9 est de leur [&hellip;]<\/p>\n","protected":false},"author":1,"featured_media":0,"parent":0,"menu_order":0,"comment_status":"closed","ping_status":"closed","template":"","meta":{"footnotes":""},"class_list":["post-10","page","type-page","status-publish","czr-hentry"],"_links":{"self":[{"href":"https:\/\/www.mergem.be\/index.php\/wp-json\/wp\/v2\/pages\/10","targetHints":{"allow":["GET"]}}],"collection":[{"href":"https:\/\/www.mergem.be\/index.php\/wp-json\/wp\/v2\/pages"}],"about":[{"href":"https:\/\/www.mergem.be\/index.php\/wp-json\/wp\/v2\/types\/page"}],"author":[{"embeddable":true,"href":"https:\/\/www.mergem.be\/index.php\/wp-json\/wp\/v2\/users\/1"}],"replies":[{"embeddable":true,"href":"https:\/\/www.mergem.be\/index.php\/wp-json\/wp\/v2\/comments?post=10"}],"version-history":[{"count":7,"href":"https:\/\/www.mergem.be\/index.php\/wp-json\/wp\/v2\/pages\/10\/revisions"}],"predecessor-version":[{"id":63,"href":"https:\/\/www.mergem.be\/index.php\/wp-json\/wp\/v2\/pages\/10\/revisions\/63"}],"wp:attachment":[{"href":"https:\/\/www.mergem.be\/index.php\/wp-json\/wp\/v2\/media?parent=10"}],"curies":[{"name":"wp","href":"https:\/\/api.w.org\/{rel}","templated":true}]}}