{"id":69,"date":"2024-12-26T14:04:22","date_gmt":"2024-12-26T13:04:22","guid":{"rendered":"https:\/\/www.mergem.be\/?page_id=69"},"modified":"2024-12-26T14:06:56","modified_gmt":"2024-12-26T13:06:56","slug":"cristina","status":"publish","type":"page","link":"https:\/\/www.mergem.be\/index.php\/cristina\/","title":{"rendered":"Cristina"},"content":{"rendered":"\n<p>Mergem ASBL est \u00e0 la recherche des parrains et marraines pourCristina<\/p>\n\n\n\n<p>Depuis 2005 d\u00e9j\u00e0 nous soutenons Cristina, grande pr\u00e9matur\u00e9e avec comme cons\u00e9quence une c\u00e9ssit\u00e9 totale et une infirmit\u00e9 c\u00e9r\u00e9brale motrice (IMC) ainsi que depuis peu une grave scoliose.<br>Pour la scoliose, Cristinadevrait porter un corset en pl\u00e2tre ou subir une op\u00e9ration.<\/p>\n\n\n\n<p>L&rsquo;accompagnement de Cristina et sa maman en Belgique<br>Jusqu\u2019 \u00e0 l\u2019\u00e9t\u00e9 2016, Cristina a v\u00e9cu en Belgique o\u00f9 elle avait demand\u00e9 un droit de s\u00e9jour pour cause m\u00e9dicale.<br>Mergem l\u2019accompagnait pendant son s\u00e9jour en Belgique, dans les d\u00e9marches l\u00e9gales, les soins m\u00e9dicaux et pour lui trouver une place dans une \u00e9cole sp\u00e9ciale pour aveugles.<br>Cristina a fr\u00e9quent\u00e9 assid\u00fbment l&rsquo;institut Herlin \u00e0 Berchem et elle parle tr\u00e8s bien le fran\u00e7ais aujourd\\&rsquo;hui!<br>Malgr\u00e9 un \u00e0 priori tr\u00e8s positif de son avocate, la Belgique a refus\u00e9 sa demande de s\u00e9jour.<br>Le retour en Roumanie<\/p>\n\n\n\n<p>Ensuite, Cristina a d\u00fb retourner en Roumanie \u00e0 Bucarest. Elle fr\u00e9quente une \u00e9cole pour aveugles o\u00f9 elle progresse \u00e0 tous niveaux \u00e0 la joie de ses professeurs.<br>N\u00e9anmoins, les allocations sociales et li\u00e9es \u00e0 son handicap sont tr\u00e8s faibles et les soins m\u00e9dicaux (radiographies, \u2026) tr\u00e8s chers.<\/p>\n\n\n\n<p>Comment aider ?<\/p>\n\n\n\n<p>Si vous d\u00e9sirez soutenir Cristina dans sa scolarit\u00e9 et booster ses chances de se d\u00e9brouiller plus tard, vous pouvez verser entre 5 et 30 \u20ac\/mois sur le compte de l&rsquo;asbl Mergem<br>IBAN: BE48 4353 0294 5127<br>SWIFT\/BIC: KREDBEBB<br>avec la mention \u00ab\u00a0Cristina\u00a0\u00bb<br>Par jour de pr\u00e9sence \u00e0 l\u2019\u00e9cole ou par consultation \u00e0 l\u2019h\u00f4pital, elle recevrait avec votre aide selon le nombre de parrains\/marraines entre 5 \u00e0 20 euros\/jour.<br>C&rsquo;est le syst\u00e8me le plus efficace que nous ayons trouv\u00e9 pour aider<br>Cristinatout en garantissant qu\u2019elle puisse survivre avec sa maman.<\/p>\n","protected":false},"excerpt":{"rendered":"<p>Mergem ASBL est \u00e0 la recherche des parrains et marraines pourCristina Depuis 2005 d\u00e9j\u00e0 nous soutenons Cristina, grande pr\u00e9matur\u00e9e avec comme cons\u00e9quence une c\u00e9ssit\u00e9 totale et une infirmit\u00e9 c\u00e9r\u00e9brale motrice (IMC) ainsi que depuis peu une grave scoliose.Pour la scoliose, Cristinadevrait porter un corset en pl\u00e2tre ou subir une op\u00e9ration. L&rsquo;accompagnement de Cristina et sa [&hellip;]<\/p>\n","protected":false},"author":1,"featured_media":0,"parent":0,"menu_order":0,"comment_status":"closed","ping_status":"closed","template":"","meta":{"footnotes":""},"class_list":["post-69","page","type-page","status-publish","czr-hentry"],"_links":{"self":[{"href":"https:\/\/www.mergem.be\/index.php\/wp-json\/wp\/v2\/pages\/69","targetHints":{"allow":["GET"]}}],"collection":[{"href":"https:\/\/www.mergem.be\/index.php\/wp-json\/wp\/v2\/pages"}],"about":[{"href":"https:\/\/www.mergem.be\/index.php\/wp-json\/wp\/v2\/types\/page"}],"author":[{"embeddable":true,"href":"https:\/\/www.mergem.be\/index.php\/wp-json\/wp\/v2\/users\/1"}],"replies":[{"embeddable":true,"href":"https:\/\/www.mergem.be\/index.php\/wp-json\/wp\/v2\/comments?post=69"}],"version-history":[{"count":2,"href":"https:\/\/www.mergem.be\/index.php\/wp-json\/wp\/v2\/pages\/69\/revisions"}],"predecessor-version":[{"id":73,"href":"https:\/\/www.mergem.be\/index.php\/wp-json\/wp\/v2\/pages\/69\/revisions\/73"}],"wp:attachment":[{"href":"https:\/\/www.mergem.be\/index.php\/wp-json\/wp\/v2\/media?parent=69"}],"curies":[{"name":"wp","href":"https:\/\/api.w.org\/{rel}","templated":true}]}}